{"id":7695,"date":"2023-09-23T19:24:00","date_gmt":"2023-09-23T22:24:00","guid":{"rendered":"https:\/\/arcafilmfestival.info\/?page_id=7695"},"modified":"2023-10-27T12:16:23","modified_gmt":"2023-10-27T15:16:23","slug":"arca-2023","status":"publish","type":"page","link":"https:\/\/arcafilmfestival.com\/en\/arca-2023\/","title":{"rendered":"ARCA 2023"},"content":{"rendered":"<div id=\"fws_69f348ab73a42\"  data-column-margin=\"default\" data-midnight=\"dark\"  class=\"wpb_row vc_row-fluid vc_row full-width-content vc_row-o-full-height vc_row-o-columns-middle vc_row-o-equal-height vc_row-flex vc_row-o-content-top\"  style=\"padding-top: 0px; padding-bottom: 0px; \"><div class=\"row-bg-wrap\" data-bg-animation=\"none\" data-bg-animation-delay=\"\" data-bg-overlay=\"false\"><div class=\"inner-wrap row-bg-layer\" ><div class=\"row-bg viewport-desktop\"  style=\"\"><\/div><\/div><\/div>\n\t\t\t<div class=\"video-color-overlay row-bg-layer\" data-color=\"\"><\/div>\n\t\t\t\t\t\t\t<div class=\"mobile-video-image\" style=\"background-image: url(https:\/\/arcafilmfestival.com\/wp-content\/uploads\/2023\/10\/An-Imaginary-Land.jpg)\"><\/div>\n\t\t\t\n\t\t\t<div class=\"nectar-video-wrap row-bg-layer\" data-bg-alignment=\"\">\n\t\t\t\t<div class=\"nectar-video-inner\">\n\t\t\t\t<video class=\"nectar-video-bg nectar-lazy-video\" width=\"1800\" height=\"700\" preload=\"auto\" loop autoplay muted playsinline poster=\"https:\/\/arcafilmfestival.com\/wp-content\/uploads\/2023\/10\/An-Imaginary-Land.jpg\"><source data-nectar-video-src=\"https:\/\/arcafilmfestival.com\/wp-content\/uploads\/2023\/10\/Programacion-2023.webm\" type=\"video\/webm\"><source data-nectar-video-src=\"https:\/\/arcafilmfestival.com\/wp-content\/uploads\/2023\/10\/Programacion-2023.mp4\"  type=\"video\/mp4\"><source data-nectar-video-src=\"https:\/\/arcafilmfestival.com\/wp-content\/uploads\/2023\/10\/Programacion-2023.ogv\" type=\"video\/ogg\"><\/video>    \t\t<\/div>\n\t\t\t <\/div>\n\n\t\t\t<div class=\"row_col_wrap_12 col span_12 dark left\">\n\t<div  class=\"vc_col-sm-12 wpb_column column_container vc_column_container col no-extra-padding inherit_tablet inherit_phone\"  data-padding-pos=\"all\" data-has-bg-color=\"false\" data-bg-color=\"\" data-bg-opacity=\"1\" data-animation=\"\" data-delay=\"0\" >\n\t\t<div class=\"vc_column-inner\" >\n\t\t\t<div class=\"wpb_wrapper\">\n\t\t\t\t\n\t\t\t<\/div> \n\t\t<\/div>\n\t<\/div> \n<\/div><\/div>\n\t\t<div id=\"fws_69f348ab74557\"  data-column-margin=\"default\" data-midnight=\"dark\"  class=\"wpb_row vc_row-fluid vc_row  top_margin_42px\"  style=\"padding-top: 0px; padding-bottom: 0px; \"><div class=\"row-bg-wrap\" data-bg-animation=\"none\" data-bg-animation-delay=\"\" data-bg-overlay=\"false\"><div class=\"inner-wrap row-bg-layer\" ><div class=\"row-bg viewport-desktop\"  style=\"\"><\/div><\/div><\/div><div class=\"row_col_wrap_12 col span_12 dark left\">\n\t<div  class=\"vc_col-sm-12 wpb_column column_container vc_column_container col no-extra-padding inherit_tablet inherit_phone\"  data-padding-pos=\"all\" data-has-bg-color=\"false\" data-bg-color=\"\" data-bg-opacity=\"1\" data-animation=\"\" data-delay=\"0\" >\n\t\t<div class=\"vc_column-inner\" >\n\t\t\t<div class=\"wpb_wrapper\">\n\t\t\t\t<div class=\"col span_12 section-title text-align-center extra-padding\"><h2>ARCA 2023<\/h2><\/div><div class=\"clear\"><\/div><div class=\"nectar-responsive-text font_size_desktop_30px nectar-link-underline-effect\"><p>Official Selection<\/p>\n<\/div>\n\n\n\t\t\t\t<div class=\"portfolio-wrap\">\n\n\t\t\t\t\t\n\t\t\t\t\t<span class=\"portfolio-loading  none\">   <\/span>\n\n\t\t\t\t\t\n\t\t\t\t\t<div class=\"row portfolio-items no-masonry\" data-rcp=\"false\" data-masonry-type=\"default\" data-ps=\"4\" data-starting-filter=\"\" data-gutter=\"default\" data-categories-to-show=\"2023\" data-bypass-cropping=\"\" data-lightbox-only=\"0\" data-col-num=\"cols-4\">\n\t\t\t\t\t\t\n\t\t\t\t\t\t\n\t\t\t\t\t\t<div class=\"col span_3  element 2023\"  data-project-cat=\"2023 \" data-default-color=\"true\" data-title-color=\"\" data-subtitle-color=\"\">\n\n\t\t\t\t\t\t\t<div class=\"inner-wrap animated\" data-animation=\"none\">\n\n\t\t\t\t\t\t\t\t\n\t\t\t\t\t\t\t\t\t<div class=\"work-item style-4\" data-custom-content=\"off\">\n\n\t\t\t\t\t\t\t\t\t\t<img loading=\"lazy\" decoding=\"async\" class=\"size- skip-lazy\" src=\"https:\/\/arcafilmfestival.com\/wp-content\/uploads\/2023\/10\/Cezanne-600x403.jpg\" alt=\"Cezanne\" height=\"403\" width=\"600\" srcset=\"https:\/\/arcafilmfestival.com\/wp-content\/uploads\/2023\/10\/Cezanne-900x604.jpg 900w, https:\/\/arcafilmfestival.com\/wp-content\/uploads\/2023\/10\/Cezanne-600x403.jpg 600w, https:\/\/arcafilmfestival.com\/wp-content\/uploads\/2023\/10\/Cezanne-400x269.jpg 400w\" sizes=\"auto, (min-width: 1000px) 25vw, (min-width: 690px) 50vw, 100vw\" \/>\n\t\t\t\t\t\t\t\t\t\t<div class=\"work-info\">\n\n\t\t\t\t\t\t\t\t\t\t\t\n\t\t\t\t\t\t\t\t\t\t\t\t\t<a href=\"https:\/\/arcafilmfestival.com\/en\/film\/cezanne\/\"><span class=\"screen-reader-text\">C\u00e9zanne<\/span><\/a>\n\n\t\t\t\t\t\t\t\t\t\t\t\t\n\t\t\t\t\t\t\t\t\t\t\t\t<div class=\"bottom-meta\">\n\t\t\t\t\t\t\t\t\t\t\t\t\t<h3>C\u00e9zanne <\/h3>\n\t\t\t\t\t\t\t\t\t\t\t\t\t<p>Sophie Bruneau<\/p>\t\t\t\t\t\t\t\t\t\t\t\t<\/div><!--\/bottom-meta-->\n\n\t\t\t\t\t\t\t\t\t\t\t\n\t\t\t\t\t\t\t\t\t\t<\/div>\n\t\t\t\t\t\t\t\t\t<\/div><!--work-item-->\n\n\t\t\t\t\t\t\t\t\n\n\t\t\t\t\t\t\t<\/div><!--\/inner-wrap-->\n\t\t\t\t\t\t<\/div><!--\/col-->\n\n\t\t\t\t\t\n\t\t\t\t\t\t\n\t\t\t\t\t\t<div class=\"col span_3  element 2023\"  data-project-cat=\"2023 \" data-default-color=\"true\" data-title-color=\"\" data-subtitle-color=\"\">\n\n\t\t\t\t\t\t\t<div class=\"inner-wrap animated\" data-animation=\"none\">\n\n\t\t\t\t\t\t\t\t\n\t\t\t\t\t\t\t\t\t<div class=\"work-item style-4\" data-custom-content=\"off\">\n\n\t\t\t\t\t\t\t\t\t\t<img loading=\"lazy\" decoding=\"async\" class=\"size- skip-lazy\" src=\"https:\/\/arcafilmfestival.com\/wp-content\/uploads\/2023\/10\/Charlotte-600x403.jpg\" alt=\"Charlotte\" height=\"403\" width=\"600\" srcset=\"https:\/\/arcafilmfestival.com\/wp-content\/uploads\/2023\/10\/Charlotte-900x604.jpg 900w, https:\/\/arcafilmfestival.com\/wp-content\/uploads\/2023\/10\/Charlotte-600x403.jpg 600w, https:\/\/arcafilmfestival.com\/wp-content\/uploads\/2023\/10\/Charlotte-400x269.jpg 400w\" sizes=\"auto, (min-width: 1000px) 25vw, (min-width: 690px) 50vw, 100vw\" \/>\n\t\t\t\t\t\t\t\t\t\t<div class=\"work-info\">\n\n\t\t\t\t\t\t\t\t\t\t\t\n\t\t\t\t\t\t\t\t\t\t\t\t\t<a href=\"https:\/\/arcafilmfestival.com\/en\/film\/charlotte\/\"><span class=\"screen-reader-text\">Charlotte<\/span><\/a>\n\n\t\t\t\t\t\t\t\t\t\t\t\t\n\t\t\t\t\t\t\t\t\t\t\t\t<div class=\"bottom-meta\">\n\t\t\t\t\t\t\t\t\t\t\t\t\t<h3>Charlotte <\/h3>\n\t\t\t\t\t\t\t\t\t\t\t\t\t<p>Eric Warin &amp; Tahir Rana<\/p>\t\t\t\t\t\t\t\t\t\t\t\t<\/div><!--\/bottom-meta-->\n\n\t\t\t\t\t\t\t\t\t\t\t\n\t\t\t\t\t\t\t\t\t\t<\/div>\n\t\t\t\t\t\t\t\t\t<\/div><!--work-item-->\n\n\t\t\t\t\t\t\t\t\n\n\t\t\t\t\t\t\t<\/div><!--\/inner-wrap-->\n\t\t\t\t\t\t<\/div><!--\/col-->\n\n\t\t\t\t\t\n\t\t\t\t\t\t\n\t\t\t\t\t\t<div class=\"col span_3  element 2023\"  data-project-cat=\"2023 \" data-default-color=\"true\" data-title-color=\"\" data-subtitle-color=\"\">\n\n\t\t\t\t\t\t\t<div class=\"inner-wrap animated\" data-animation=\"none\">\n\n\t\t\t\t\t\t\t\t\n\t\t\t\t\t\t\t\t\t<div class=\"work-item style-4\" data-custom-content=\"off\">\n\n\t\t\t\t\t\t\t\t\t\t<img loading=\"lazy\" decoding=\"async\" class=\"size- skip-lazy\" src=\"https:\/\/arcafilmfestival.com\/wp-content\/uploads\/2023\/10\/An-Imaginary-Land-600x403.jpg\" alt=\"An Imaginary Land\" height=\"403\" width=\"600\" srcset=\"https:\/\/arcafilmfestival.com\/wp-content\/uploads\/2023\/10\/An-Imaginary-Land-900x604.jpg 900w, https:\/\/arcafilmfestival.com\/wp-content\/uploads\/2023\/10\/An-Imaginary-Land-600x403.jpg 600w, https:\/\/arcafilmfestival.com\/wp-content\/uploads\/2023\/10\/An-Imaginary-Land-400x269.jpg 400w\" sizes=\"auto, (min-width: 1000px) 25vw, (min-width: 690px) 50vw, 100vw\" \/>\n\t\t\t\t\t\t\t\t\t\t<div class=\"work-info\">\n\n\t\t\t\t\t\t\t\t\t\t\t\n\t\t\t\t\t\t\t\t\t\t\t\t\t<a href=\"https:\/\/arcafilmfestival.com\/en\/film\/an-imaginary-land\/\"><span class=\"screen-reader-text\">An Imaginary Land<\/span><\/a>\n\n\t\t\t\t\t\t\t\t\t\t\t\t\n\t\t\t\t\t\t\t\t\t\t\t\t<div class=\"bottom-meta\">\n\t\t\t\t\t\t\t\t\t\t\t\t\t<h3>An Imaginary Land <\/h3>\n\t\t\t\t\t\t\t\t\t\t\t\t\t<p>Juan Solanas<\/p>\t\t\t\t\t\t\t\t\t\t\t\t<\/div><!--\/bottom-meta-->\n\n\t\t\t\t\t\t\t\t\t\t\t\n\t\t\t\t\t\t\t\t\t\t<\/div>\n\t\t\t\t\t\t\t\t\t<\/div><!--work-item-->\n\n\t\t\t\t\t\t\t\t\n\n\t\t\t\t\t\t\t<\/div><!--\/inner-wrap-->\n\t\t\t\t\t\t<\/div><!--\/col-->\n\n\t\t\t\t\t\n\t\t\t\t\t\t\n\t\t\t\t\t\t<div class=\"col span_3  element 2023\"  data-project-cat=\"2023 \" data-default-color=\"true\" data-title-color=\"\" data-subtitle-color=\"\">\n\n\t\t\t\t\t\t\t<div class=\"inner-wrap animated\" data-animation=\"none\">\n\n\t\t\t\t\t\t\t\t\n\t\t\t\t\t\t\t\t\t<div class=\"work-item style-4\" data-custom-content=\"off\">\n\n\t\t\t\t\t\t\t\t\t\t<img loading=\"lazy\" decoding=\"async\" class=\"size- skip-lazy\" src=\"https:\/\/arcafilmfestival.com\/wp-content\/uploads\/2023\/10\/Inside-The-Uffizi-600x403.jpg\" alt=\"Inside The Uffizi\" height=\"403\" width=\"600\" srcset=\"https:\/\/arcafilmfestival.com\/wp-content\/uploads\/2023\/10\/Inside-The-Uffizi-900x604.jpg 900w, https:\/\/arcafilmfestival.com\/wp-content\/uploads\/2023\/10\/Inside-The-Uffizi-600x403.jpg 600w, https:\/\/arcafilmfestival.com\/wp-content\/uploads\/2023\/10\/Inside-The-Uffizi-400x269.jpg 400w\" sizes=\"auto, (min-width: 1000px) 25vw, (min-width: 690px) 50vw, 100vw\" \/>\n\t\t\t\t\t\t\t\t\t\t<div class=\"work-info\">\n\n\t\t\t\t\t\t\t\t\t\t\t\n\t\t\t\t\t\t\t\t\t\t\t\t\t<a href=\"https:\/\/arcafilmfestival.com\/en\/film\/inside-the-uffizi\/\"><span class=\"screen-reader-text\">Inside The Uffizi<\/span><\/a>\n\n\t\t\t\t\t\t\t\t\t\t\t\t\n\t\t\t\t\t\t\t\t\t\t\t\t<div class=\"bottom-meta\">\n\t\t\t\t\t\t\t\t\t\t\t\t\t<h3>Inside The Uffizi <\/h3>\n\t\t\t\t\t\t\t\t\t\t\t\t\t<p>Corinna Belz &amp; Enrique S\u00e1nchez Lansch<\/p>\t\t\t\t\t\t\t\t\t\t\t\t<\/div><!--\/bottom-meta-->\n\n\t\t\t\t\t\t\t\t\t\t\t\n\t\t\t\t\t\t\t\t\t\t<\/div>\n\t\t\t\t\t\t\t\t\t<\/div><!--work-item-->\n\n\t\t\t\t\t\t\t\t\n\n\t\t\t\t\t\t\t<\/div><!--\/inner-wrap-->\n\t\t\t\t\t\t<\/div><!--\/col-->\n\n\t\t\t\t\t\n\t\t\t\t\t\t\n\t\t\t\t\t\t<div class=\"col span_3  element 2023\"  data-project-cat=\"2023 \" data-default-color=\"true\" data-title-color=\"\" data-subtitle-color=\"\">\n\n\t\t\t\t\t\t\t<div class=\"inner-wrap animated\" data-animation=\"none\">\n\n\t\t\t\t\t\t\t\t\n\t\t\t\t\t\t\t\t\t<div class=\"work-item style-4\" data-custom-content=\"off\">\n\n\t\t\t\t\t\t\t\t\t\t<img loading=\"lazy\" decoding=\"async\" class=\"size- skip-lazy\" src=\"https:\/\/arcafilmfestival.com\/wp-content\/uploads\/2023\/10\/THE-THEIF-COLLECTOR-600x403.jpg\" alt=\"THE THEIF COLLECTOR\" height=\"403\" width=\"600\" srcset=\"https:\/\/arcafilmfestival.com\/wp-content\/uploads\/2023\/10\/THE-THEIF-COLLECTOR-900x604.jpg 900w, https:\/\/arcafilmfestival.com\/wp-content\/uploads\/2023\/10\/THE-THEIF-COLLECTOR-600x403.jpg 600w, https:\/\/arcafilmfestival.com\/wp-content\/uploads\/2023\/10\/THE-THEIF-COLLECTOR-400x269.jpg 400w\" sizes=\"auto, (min-width: 1000px) 25vw, (min-width: 690px) 50vw, 100vw\" \/>\n\t\t\t\t\t\t\t\t\t\t<div class=\"work-info\">\n\n\t\t\t\t\t\t\t\t\t\t\t\n\t\t\t\t\t\t\t\t\t\t\t\t\t<a href=\"https:\/\/arcafilmfestival.com\/en\/film\/the-thief-collector\/\"><span class=\"screen-reader-text\">The Thief Collector<\/span><\/a>\n\n\t\t\t\t\t\t\t\t\t\t\t\t\n\t\t\t\t\t\t\t\t\t\t\t\t<div class=\"bottom-meta\">\n\t\t\t\t\t\t\t\t\t\t\t\t\t<h3>The Thief Collector <\/h3>\n\t\t\t\t\t\t\t\t\t\t\t\t\t<p>Allison Otto<\/p>\t\t\t\t\t\t\t\t\t\t\t\t<\/div><!--\/bottom-meta-->\n\n\t\t\t\t\t\t\t\t\t\t\t\n\t\t\t\t\t\t\t\t\t\t<\/div>\n\t\t\t\t\t\t\t\t\t<\/div><!--work-item-->\n\n\t\t\t\t\t\t\t\t\n\n\t\t\t\t\t\t\t<\/div><!--\/inner-wrap-->\n\t\t\t\t\t\t<\/div><!--\/col-->\n\n\t\t\t\t\t\n\t\t\t\t\t\t\n\t\t\t\t\t\t<div class=\"col span_3  element 2023\"  data-project-cat=\"2023 \" data-default-color=\"true\" data-title-color=\"\" data-subtitle-color=\"\">\n\n\t\t\t\t\t\t\t<div class=\"inner-wrap animated\" data-animation=\"none\">\n\n\t\t\t\t\t\t\t\t\n\t\t\t\t\t\t\t\t\t<div class=\"work-item style-4\" data-custom-content=\"off\">\n\n\t\t\t\t\t\t\t\t\t\t<img loading=\"lazy\" decoding=\"async\" class=\"size- skip-lazy\" src=\"https:\/\/arcafilmfestival.com\/wp-content\/uploads\/2023\/10\/Folon-600x403.jpg\" alt=\"Folon\" height=\"403\" width=\"600\" srcset=\"https:\/\/arcafilmfestival.com\/wp-content\/uploads\/2023\/10\/Folon-900x604.jpg 900w, https:\/\/arcafilmfestival.com\/wp-content\/uploads\/2023\/10\/Folon-600x403.jpg 600w, https:\/\/arcafilmfestival.com\/wp-content\/uploads\/2023\/10\/Folon-400x269.jpg 400w\" sizes=\"auto, (min-width: 1000px) 25vw, (min-width: 690px) 50vw, 100vw\" \/>\n\t\t\t\t\t\t\t\t\t\t<div class=\"work-info\">\n\n\t\t\t\t\t\t\t\t\t\t\t\n\t\t\t\t\t\t\t\t\t\t\t\t\t<a href=\"https:\/\/arcafilmfestival.com\/en\/film\/folon\/\"><span class=\"screen-reader-text\">Folon<\/span><\/a>\n\n\t\t\t\t\t\t\t\t\t\t\t\t\n\t\t\t\t\t\t\t\t\t\t\t\t<div class=\"bottom-meta\">\n\t\t\t\t\t\t\t\t\t\t\t\t\t<h3>Folon <\/h3>\n\t\t\t\t\t\t\t\t\t\t\t\t\t<p>Gaetan Saint-Remy<\/p>\t\t\t\t\t\t\t\t\t\t\t\t<\/div><!--\/bottom-meta-->\n\n\t\t\t\t\t\t\t\t\t\t\t\n\t\t\t\t\t\t\t\t\t\t<\/div>\n\t\t\t\t\t\t\t\t\t<\/div><!--work-item-->\n\n\t\t\t\t\t\t\t\t\n\n\t\t\t\t\t\t\t<\/div><!--\/inner-wrap-->\n\t\t\t\t\t\t<\/div><!--\/col-->\n\n\t\t\t\t\t\n\t\t\t\t\t\t\n\t\t\t\t\t\t<div class=\"col span_3  element 2023\"  data-project-cat=\"2023 \" data-default-color=\"true\" data-title-color=\"\" data-subtitle-color=\"\">\n\n\t\t\t\t\t\t\t<div class=\"inner-wrap animated\" data-animation=\"none\">\n\n\t\t\t\t\t\t\t\t\n\t\t\t\t\t\t\t\t\t<div class=\"work-item style-4\" data-custom-content=\"off\">\n\n\t\t\t\t\t\t\t\t\t\t<img loading=\"lazy\" decoding=\"async\" class=\"size- skip-lazy\" src=\"https:\/\/arcafilmfestival.com\/wp-content\/uploads\/2023\/10\/Historja-600x403.jpg\" alt=\"Historja\" height=\"403\" width=\"600\" srcset=\"https:\/\/arcafilmfestival.com\/wp-content\/uploads\/2023\/10\/Historja-900x604.jpg 900w, https:\/\/arcafilmfestival.com\/wp-content\/uploads\/2023\/10\/Historja-600x403.jpg 600w, https:\/\/arcafilmfestival.com\/wp-content\/uploads\/2023\/10\/Historja-400x269.jpg 400w\" sizes=\"auto, (min-width: 1000px) 25vw, (min-width: 690px) 50vw, 100vw\" \/>\n\t\t\t\t\t\t\t\t\t\t<div class=\"work-info\">\n\n\t\t\t\t\t\t\t\t\t\t\t\n\t\t\t\t\t\t\t\t\t\t\t\t\t<a href=\"https:\/\/arcafilmfestival.com\/en\/film\/historja-stygn-for-sapmi\/\"><span class=\"screen-reader-text\">Historj\u00e0 &#8211; Stygn F\u00f6r S\u00e1pmi<\/span><\/a>\n\n\t\t\t\t\t\t\t\t\t\t\t\t\n\t\t\t\t\t\t\t\t\t\t\t\t<div class=\"bottom-meta\">\n\t\t\t\t\t\t\t\t\t\t\t\t\t<h3>Historj\u00e0 &#8211; Stygn F\u00f6r S\u00e1pmi <\/h3>\n\t\t\t\t\t\t\t\t\t\t\t\t\t<p>Thomas Jackson<\/p>\t\t\t\t\t\t\t\t\t\t\t\t<\/div><!--\/bottom-meta-->\n\n\t\t\t\t\t\t\t\t\t\t\t\n\t\t\t\t\t\t\t\t\t\t<\/div>\n\t\t\t\t\t\t\t\t\t<\/div><!--work-item-->\n\n\t\t\t\t\t\t\t\t\n\n\t\t\t\t\t\t\t<\/div><!--\/inner-wrap-->\n\t\t\t\t\t\t<\/div><!--\/col-->\n\n\t\t\t\t\t\n\t\t\t\t\t\t\n\t\t\t\t\t\t<div class=\"col span_3  element 2023\"  data-project-cat=\"2023 \" data-default-color=\"true\" data-title-color=\"\" data-subtitle-color=\"\">\n\n\t\t\t\t\t\t\t<div class=\"inner-wrap animated\" data-animation=\"none\">\n\n\t\t\t\t\t\t\t\t\n\t\t\t\t\t\t\t\t\t<div class=\"work-item style-4\" data-custom-content=\"off\">\n\n\t\t\t\t\t\t\t\t\t\t<img loading=\"lazy\" decoding=\"async\" class=\"size- skip-lazy\" src=\"https:\/\/arcafilmfestival.com\/wp-content\/uploads\/2023\/10\/Infinito-600x403.jpg\" alt=\"Infinito\" height=\"403\" width=\"600\" srcset=\"https:\/\/arcafilmfestival.com\/wp-content\/uploads\/2023\/10\/Infinito-900x604.jpg 900w, https:\/\/arcafilmfestival.com\/wp-content\/uploads\/2023\/10\/Infinito-600x403.jpg 600w, https:\/\/arcafilmfestival.com\/wp-content\/uploads\/2023\/10\/Infinito-400x269.jpg 400w\" sizes=\"auto, (min-width: 1000px) 25vw, (min-width: 690px) 50vw, 100vw\" \/>\n\t\t\t\t\t\t\t\t\t\t<div class=\"work-info\">\n\n\t\t\t\t\t\t\t\t\t\t\t\n\t\t\t\t\t\t\t\t\t\t\t\t\t<a href=\"https:\/\/arcafilmfestival.com\/en\/film\/infinito-luniverso-di-luigi-ghirri\/\"><span class=\"screen-reader-text\">Infinito. L\u2019universo Di Luigi Ghirri<\/span><\/a>\n\n\t\t\t\t\t\t\t\t\t\t\t\t\n\t\t\t\t\t\t\t\t\t\t\t\t<div class=\"bottom-meta\">\n\t\t\t\t\t\t\t\t\t\t\t\t\t<h3>Infinito. L\u2019universo Di Luigi Ghirri <\/h3>\n\t\t\t\t\t\t\t\t\t\t\t\t\t<p>Matteo Parisini<\/p>\t\t\t\t\t\t\t\t\t\t\t\t<\/div><!--\/bottom-meta-->\n\n\t\t\t\t\t\t\t\t\t\t\t\n\t\t\t\t\t\t\t\t\t\t<\/div>\n\t\t\t\t\t\t\t\t\t<\/div><!--work-item-->\n\n\t\t\t\t\t\t\t\t\n\n\t\t\t\t\t\t\t<\/div><!--\/inner-wrap-->\n\t\t\t\t\t\t<\/div><!--\/col-->\n\n\t\t\t\t\t\n\t\t\t\t\t\t\n\t\t\t\t\t\t<div class=\"col span_3  element 2023\"  data-project-cat=\"2023 \" data-default-color=\"true\" data-title-color=\"\" data-subtitle-color=\"\">\n\n\t\t\t\t\t\t\t<div class=\"inner-wrap animated\" data-animation=\"none\">\n\n\t\t\t\t\t\t\t\t\n\t\t\t\t\t\t\t\t\t<div class=\"work-item style-4\" data-custom-content=\"off\">\n\n\t\t\t\t\t\t\t\t\t\t<img loading=\"lazy\" decoding=\"async\" class=\"size- skip-lazy\" src=\"https:\/\/arcafilmfestival.com\/wp-content\/uploads\/2023\/10\/Kobra-600x403.jpg\" alt=\"Kobra\" height=\"403\" width=\"600\" srcset=\"https:\/\/arcafilmfestival.com\/wp-content\/uploads\/2023\/10\/Kobra-900x604.jpg 900w, https:\/\/arcafilmfestival.com\/wp-content\/uploads\/2023\/10\/Kobra-600x403.jpg 600w, https:\/\/arcafilmfestival.com\/wp-content\/uploads\/2023\/10\/Kobra-400x269.jpg 400w\" sizes=\"auto, (min-width: 1000px) 25vw, (min-width: 690px) 50vw, 100vw\" \/>\n\t\t\t\t\t\t\t\t\t\t<div class=\"work-info\">\n\n\t\t\t\t\t\t\t\t\t\t\t\n\t\t\t\t\t\t\t\t\t\t\t\t\t<a href=\"https:\/\/arcafilmfestival.com\/en\/film\/kobra-auto-retrato\/\"><span class=\"screen-reader-text\">Kobra Auto-Retrato<\/span><\/a>\n\n\t\t\t\t\t\t\t\t\t\t\t\t\n\t\t\t\t\t\t\t\t\t\t\t\t<div class=\"bottom-meta\">\n\t\t\t\t\t\t\t\t\t\t\t\t\t<h3>Kobra Auto-Retrato <\/h3>\n\t\t\t\t\t\t\t\t\t\t\t\t\t<p>Lina Chamie<\/p>\t\t\t\t\t\t\t\t\t\t\t\t<\/div><!--\/bottom-meta-->\n\n\t\t\t\t\t\t\t\t\t\t\t\n\t\t\t\t\t\t\t\t\t\t<\/div>\n\t\t\t\t\t\t\t\t\t<\/div><!--work-item-->\n\n\t\t\t\t\t\t\t\t\n\n\t\t\t\t\t\t\t<\/div><!--\/inner-wrap-->\n\t\t\t\t\t\t<\/div><!--\/col-->\n\n\t\t\t\t\t\n\t\t\t\t\t\t\n\t\t\t\t\t\t<div class=\"col span_3  element 2023\"  data-project-cat=\"2023 \" data-default-color=\"true\" data-title-color=\"\" data-subtitle-color=\"\">\n\n\t\t\t\t\t\t\t<div class=\"inner-wrap animated\" data-animation=\"none\">\n\n\t\t\t\t\t\t\t\t\n\t\t\t\t\t\t\t\t\t<div class=\"work-item style-4\" data-custom-content=\"off\">\n\n\t\t\t\t\t\t\t\t\t\t<img loading=\"lazy\" decoding=\"async\" class=\"size- skip-lazy\" src=\"https:\/\/arcafilmfestival.com\/wp-content\/uploads\/2023\/10\/L_OMBRA-DI-CARAVAGGIO-600x403.jpg\" alt=\"Lombra Di Caravaggio\" height=\"403\" width=\"600\" srcset=\"https:\/\/arcafilmfestival.com\/wp-content\/uploads\/2023\/10\/L_OMBRA-DI-CARAVAGGIO-900x604.jpg 900w, https:\/\/arcafilmfestival.com\/wp-content\/uploads\/2023\/10\/L_OMBRA-DI-CARAVAGGIO-600x403.jpg 600w, https:\/\/arcafilmfestival.com\/wp-content\/uploads\/2023\/10\/L_OMBRA-DI-CARAVAGGIO-400x269.jpg 400w\" sizes=\"auto, (min-width: 1000px) 25vw, (min-width: 690px) 50vw, 100vw\" \/>\n\t\t\t\t\t\t\t\t\t\t<div class=\"work-info\">\n\n\t\t\t\t\t\t\t\t\t\t\t\n\t\t\t\t\t\t\t\t\t\t\t\t\t<a href=\"https:\/\/arcafilmfestival.com\/en\/film\/lombra-di-caravaggio\/\"><span class=\"screen-reader-text\">L&#8217;ombra Di Caravaggio<\/span><\/a>\n\n\t\t\t\t\t\t\t\t\t\t\t\t\n\t\t\t\t\t\t\t\t\t\t\t\t<div class=\"bottom-meta\">\n\t\t\t\t\t\t\t\t\t\t\t\t\t<h3>L&#8217;ombra Di Caravaggio <\/h3>\n\t\t\t\t\t\t\t\t\t\t\t\t\t<p>Michele Placido<\/p>\t\t\t\t\t\t\t\t\t\t\t\t<\/div><!--\/bottom-meta-->\n\n\t\t\t\t\t\t\t\t\t\t\t\n\t\t\t\t\t\t\t\t\t\t<\/div>\n\t\t\t\t\t\t\t\t\t<\/div><!--work-item-->\n\n\t\t\t\t\t\t\t\t\n\n\t\t\t\t\t\t\t<\/div><!--\/inner-wrap-->\n\t\t\t\t\t\t<\/div><!--\/col-->\n\n\t\t\t\t\t\n\t\t\t\t\t\t\n\t\t\t\t\t\t<div class=\"col span_3  element 2023\"  data-project-cat=\"2023 \" data-default-color=\"true\" data-title-color=\"\" data-subtitle-color=\"\">\n\n\t\t\t\t\t\t\t<div class=\"inner-wrap animated\" data-animation=\"none\">\n\n\t\t\t\t\t\t\t\t\n\t\t\t\t\t\t\t\t\t<div class=\"work-item style-4\" data-custom-content=\"off\">\n\n\t\t\t\t\t\t\t\t\t\t<img loading=\"lazy\" decoding=\"async\" class=\"size- skip-lazy\" src=\"https:\/\/arcafilmfestival.com\/wp-content\/uploads\/2023\/10\/LOMBRE-DE-GOYA-PAR-JEAN-CLAUDE-CARRIERE-600x403.jpg\" alt=\"\" height=\"403\" width=\"600\" srcset=\"https:\/\/arcafilmfestival.com\/wp-content\/uploads\/2023\/10\/LOMBRE-DE-GOYA-PAR-JEAN-CLAUDE-CARRIERE-900x604.jpg 900w, https:\/\/arcafilmfestival.com\/wp-content\/uploads\/2023\/10\/LOMBRE-DE-GOYA-PAR-JEAN-CLAUDE-CARRIERE-600x403.jpg 600w, https:\/\/arcafilmfestival.com\/wp-content\/uploads\/2023\/10\/LOMBRE-DE-GOYA-PAR-JEAN-CLAUDE-CARRIERE-400x269.jpg 400w\" sizes=\"auto, (min-width: 1000px) 25vw, (min-width: 690px) 50vw, 100vw\" \/>\n\t\t\t\t\t\t\t\t\t\t<div class=\"work-info\">\n\n\t\t\t\t\t\t\t\t\t\t\t\n\t\t\t\t\t\t\t\t\t\t\t\t\t<a href=\"https:\/\/arcafilmfestival.com\/en\/film\/lombre-de-goya-par-jean-claude-carriere\/\"><span class=\"screen-reader-text\">L\u2019ombre De Goya Par Jean Claude Carri\u00e8re<\/span><\/a>\n\n\t\t\t\t\t\t\t\t\t\t\t\t\n\t\t\t\t\t\t\t\t\t\t\t\t<div class=\"bottom-meta\">\n\t\t\t\t\t\t\t\t\t\t\t\t\t<h3>L\u2019ombre De Goya Par Jean Claude Carri\u00e8re <\/h3>\n\t\t\t\t\t\t\t\t\t\t\t\t\t<p>Jos\u00e9 Luis Linares-Lopez<\/p>\t\t\t\t\t\t\t\t\t\t\t\t<\/div><!--\/bottom-meta-->\n\n\t\t\t\t\t\t\t\t\t\t\t\n\t\t\t\t\t\t\t\t\t\t<\/div>\n\t\t\t\t\t\t\t\t\t<\/div><!--work-item-->\n\n\t\t\t\t\t\t\t\t\n\n\t\t\t\t\t\t\t<\/div><!--\/inner-wrap-->\n\t\t\t\t\t\t<\/div><!--\/col-->\n\n\t\t\t\t\t\n\t\t\t\t\t\t\n\t\t\t\t\t\t<div class=\"col span_3  element 2023\"  data-project-cat=\"2023 \" data-default-color=\"true\" data-title-color=\"\" data-subtitle-color=\"\">\n\n\t\t\t\t\t\t\t<div class=\"inner-wrap animated\" data-animation=\"none\">\n\n\t\t\t\t\t\t\t\t\n\t\t\t\t\t\t\t\t\t<div class=\"work-item style-4\" data-custom-content=\"off\">\n\n\t\t\t\t\t\t\t\t\t\t<img loading=\"lazy\" decoding=\"async\" class=\"size- skip-lazy\" src=\"https:\/\/arcafilmfestival.com\/wp-content\/uploads\/2023\/10\/LA-VISITA-Y-UN-JARDIN-SECRETO-600x403.jpg\" alt=\"LA VISITA Y UN JARDIN SECRETO\" height=\"403\" width=\"600\" srcset=\"https:\/\/arcafilmfestival.com\/wp-content\/uploads\/2023\/10\/LA-VISITA-Y-UN-JARDIN-SECRETO-900x604.jpg 900w, https:\/\/arcafilmfestival.com\/wp-content\/uploads\/2023\/10\/LA-VISITA-Y-UN-JARDIN-SECRETO-600x403.jpg 600w, https:\/\/arcafilmfestival.com\/wp-content\/uploads\/2023\/10\/LA-VISITA-Y-UN-JARDIN-SECRETO-400x269.jpg 400w\" sizes=\"auto, (min-width: 1000px) 25vw, (min-width: 690px) 50vw, 100vw\" \/>\n\t\t\t\t\t\t\t\t\t\t<div class=\"work-info\">\n\n\t\t\t\t\t\t\t\t\t\t\t\n\t\t\t\t\t\t\t\t\t\t\t\t\t<a href=\"https:\/\/arcafilmfestival.com\/en\/film\/la-visita-y-un-jardin-secreto\/\"><span class=\"screen-reader-text\">La Visita y un Jard\u00edn Secreto<\/span><\/a>\n\n\t\t\t\t\t\t\t\t\t\t\t\t\n\t\t\t\t\t\t\t\t\t\t\t\t<div class=\"bottom-meta\">\n\t\t\t\t\t\t\t\t\t\t\t\t\t<h3>La Visita y un Jard\u00edn Secreto <\/h3>\n\t\t\t\t\t\t\t\t\t\t\t\t\t<p>Irene M. Borrego<\/p>\t\t\t\t\t\t\t\t\t\t\t\t<\/div><!--\/bottom-meta-->\n\n\t\t\t\t\t\t\t\t\t\t\t\n\t\t\t\t\t\t\t\t\t\t<\/div>\n\t\t\t\t\t\t\t\t\t<\/div><!--work-item-->\n\n\t\t\t\t\t\t\t\t\n\n\t\t\t\t\t\t\t<\/div><!--\/inner-wrap-->\n\t\t\t\t\t\t<\/div><!--\/col-->\n\n\t\t\t\t\t\n\t\t\t\t\t\t\n\t\t\t\t\t\t<div class=\"col span_3  element 2023\"  data-project-cat=\"2023 \" data-default-color=\"true\" data-title-color=\"\" data-subtitle-color=\"\">\n\n\t\t\t\t\t\t\t<div class=\"inner-wrap animated\" data-animation=\"none\">\n\n\t\t\t\t\t\t\t\t\n\t\t\t\t\t\t\t\t\t<div class=\"work-item style-4\" data-custom-content=\"off\">\n\n\t\t\t\t\t\t\t\t\t\t<img loading=\"lazy\" decoding=\"async\" class=\"size- skip-lazy\" src=\"https:\/\/arcafilmfestival.com\/wp-content\/uploads\/2023\/10\/Dreaming-Walls-600x403.jpg\" alt=\"Dreaming Walls\" height=\"403\" width=\"600\" srcset=\"https:\/\/arcafilmfestival.com\/wp-content\/uploads\/2023\/10\/Dreaming-Walls-900x604.jpg 900w, https:\/\/arcafilmfestival.com\/wp-content\/uploads\/2023\/10\/Dreaming-Walls-600x403.jpg 600w, https:\/\/arcafilmfestival.com\/wp-content\/uploads\/2023\/10\/Dreaming-Walls-400x269.jpg 400w\" sizes=\"auto, (min-width: 1000px) 25vw, (min-width: 690px) 50vw, 100vw\" \/>\n\t\t\t\t\t\t\t\t\t\t<div class=\"work-info\">\n\n\t\t\t\t\t\t\t\t\t\t\t\n\t\t\t\t\t\t\t\t\t\t\t\t\t<a href=\"https:\/\/arcafilmfestival.com\/en\/film\/dreaming-walls\/\"><span class=\"screen-reader-text\">Dreaming Walls<\/span><\/a>\n\n\t\t\t\t\t\t\t\t\t\t\t\t\n\t\t\t\t\t\t\t\t\t\t\t\t<div class=\"bottom-meta\">\n\t\t\t\t\t\t\t\t\t\t\t\t\t<h3>Dreaming Walls <\/h3>\n\t\t\t\t\t\t\t\t\t\t\t\t\t<p>Am\u00e9lie van Elmbt &amp; Maya Duverdier<\/p>\t\t\t\t\t\t\t\t\t\t\t\t<\/div><!--\/bottom-meta-->\n\n\t\t\t\t\t\t\t\t\t\t\t\n\t\t\t\t\t\t\t\t\t\t<\/div>\n\t\t\t\t\t\t\t\t\t<\/div><!--work-item-->\n\n\t\t\t\t\t\t\t\t\n\n\t\t\t\t\t\t\t<\/div><!--\/inner-wrap-->\n\t\t\t\t\t\t<\/div><!--\/col-->\n\n\t\t\t\t\t\n\t\t\t\t\t\t\n\t\t\t\t\t\t<div class=\"col span_3  element 2023\"  data-project-cat=\"2023 \" data-default-color=\"true\" data-title-color=\"\" data-subtitle-color=\"\">\n\n\t\t\t\t\t\t\t<div class=\"inner-wrap animated\" data-animation=\"none\">\n\n\t\t\t\t\t\t\t\t\n\t\t\t\t\t\t\t\t\t<div class=\"work-item style-4\" data-custom-content=\"off\">\n\n\t\t\t\t\t\t\t\t\t\t<img loading=\"lazy\" decoding=\"async\" class=\"size- skip-lazy\" src=\"https:\/\/arcafilmfestival.com\/wp-content\/uploads\/2023\/10\/PLAN-PARA-BUENOS-AIRES-600x403.jpg\" alt=\"Plan Para Buenos Aires\" height=\"403\" width=\"600\" srcset=\"https:\/\/arcafilmfestival.com\/wp-content\/uploads\/2023\/10\/PLAN-PARA-BUENOS-AIRES-900x604.jpg 900w, https:\/\/arcafilmfestival.com\/wp-content\/uploads\/2023\/10\/PLAN-PARA-BUENOS-AIRES-600x403.jpg 600w, https:\/\/arcafilmfestival.com\/wp-content\/uploads\/2023\/10\/PLAN-PARA-BUENOS-AIRES-400x269.jpg 400w\" sizes=\"auto, (min-width: 1000px) 25vw, (min-width: 690px) 50vw, 100vw\" \/>\n\t\t\t\t\t\t\t\t\t\t<div class=\"work-info\">\n\n\t\t\t\t\t\t\t\t\t\t\t\n\t\t\t\t\t\t\t\t\t\t\t\t\t<a href=\"https:\/\/arcafilmfestival.com\/en\/film\/plan-para-buenos-aires\/\"><span class=\"screen-reader-text\">Plan For Buenos Aires<\/span><\/a>\n\n\t\t\t\t\t\t\t\t\t\t\t\t\n\t\t\t\t\t\t\t\t\t\t\t\t<div class=\"bottom-meta\">\n\t\t\t\t\t\t\t\t\t\t\t\t\t<h3>Plan For Buenos Aires <\/h3>\n\t\t\t\t\t\t\t\t\t\t\t\t\t<p>Gerardo Panero<\/p>\t\t\t\t\t\t\t\t\t\t\t\t<\/div><!--\/bottom-meta-->\n\n\t\t\t\t\t\t\t\t\t\t\t\n\t\t\t\t\t\t\t\t\t\t<\/div>\n\t\t\t\t\t\t\t\t\t<\/div><!--work-item-->\n\n\t\t\t\t\t\t\t\t\n\n\t\t\t\t\t\t\t<\/div><!--\/inner-wrap-->\n\t\t\t\t\t\t<\/div><!--\/col-->\n\n\t\t\t\t\t\n\t\t\t\t\t\t\n\t\t\t\t\t\t<div class=\"col span_3  element 2023\"  data-project-cat=\"2023 \" data-default-color=\"true\" data-title-color=\"\" data-subtitle-color=\"\">\n\n\t\t\t\t\t\t\t<div class=\"inner-wrap animated\" data-animation=\"none\">\n\n\t\t\t\t\t\t\t\t\n\t\t\t\t\t\t\t\t\t<div class=\"work-item style-4\" data-custom-content=\"off\">\n\n\t\t\t\t\t\t\t\t\t\t<img loading=\"lazy\" decoding=\"async\" class=\"size- skip-lazy\" src=\"https:\/\/arcafilmfestival.com\/wp-content\/uploads\/2023\/10\/RUBENS-GERCHMAN_-O-REI-DO-MAU-GOSTO-600x403.jpg\" alt=\"RUBENS GERCHMAN O REI DO MAU GOSTO\" height=\"403\" width=\"600\" srcset=\"https:\/\/arcafilmfestival.com\/wp-content\/uploads\/2023\/10\/RUBENS-GERCHMAN_-O-REI-DO-MAU-GOSTO-900x604.jpg 900w, https:\/\/arcafilmfestival.com\/wp-content\/uploads\/2023\/10\/RUBENS-GERCHMAN_-O-REI-DO-MAU-GOSTO-600x403.jpg 600w, https:\/\/arcafilmfestival.com\/wp-content\/uploads\/2023\/10\/RUBENS-GERCHMAN_-O-REI-DO-MAU-GOSTO-400x269.jpg 400w\" sizes=\"auto, (min-width: 1000px) 25vw, (min-width: 690px) 50vw, 100vw\" \/>\n\t\t\t\t\t\t\t\t\t\t<div class=\"work-info\">\n\n\t\t\t\t\t\t\t\t\t\t\t\n\t\t\t\t\t\t\t\t\t\t\t\t\t<a href=\"https:\/\/arcafilmfestival.com\/en\/film\/rubens-gerchman-o-rei-do-mau-gosto\/\"><span class=\"screen-reader-text\">Rubens Gerchman: O Rei Do Mau Gosto<\/span><\/a>\n\n\t\t\t\t\t\t\t\t\t\t\t\t\n\t\t\t\t\t\t\t\t\t\t\t\t<div class=\"bottom-meta\">\n\t\t\t\t\t\t\t\t\t\t\t\t\t<h3>Rubens Gerchman: O Rei Do Mau Gosto <\/h3>\n\t\t\t\t\t\t\t\t\t\t\t\t\t<p>Pedro Rossi<\/p>\t\t\t\t\t\t\t\t\t\t\t\t<\/div><!--\/bottom-meta-->\n\n\t\t\t\t\t\t\t\t\t\t\t\n\t\t\t\t\t\t\t\t\t\t<\/div>\n\t\t\t\t\t\t\t\t\t<\/div><!--work-item-->\n\n\t\t\t\t\t\t\t\t\n\n\t\t\t\t\t\t\t<\/div><!--\/inner-wrap-->\n\t\t\t\t\t\t<\/div><!--\/col-->\n\n\t\t\t\t\t\n\t\t\t\t<\/div><!--\/portfolio-->\n\t\t\t<\/div><!--\/portfolio wrap-->\n\n\t\t\t<div class=\"nectar-responsive-text font_size_desktop_30px nectar-link-underline-effect\"><p>Special Invitation<\/p>\n<\/div>\n\n\n\t\t\t\t<div class=\"portfolio-wrap\">\n\n\t\t\t\t\t\n\t\t\t\t\t<span class=\"portfolio-loading  none\">   <\/span>\n\n\t\t\t\t\t\n\t\t\t\t\t<div class=\"row portfolio-items no-masonry\" data-rcp=\"false\" data-masonry-type=\"default\" data-ps=\"4\" data-starting-filter=\"\" data-gutter=\"default\" data-categories-to-show=\"2023-invitada-especial\" data-bypass-cropping=\"\" data-lightbox-only=\"0\" data-col-num=\"cols-4\">\n\t\t\t\t\t\t\n\t\t\t\t\t\t\n\t\t\t\t\t\t<div class=\"col span_3  element 2023-invitada-especial\"  data-project-cat=\"2023-invitada-especial \" data-default-color=\"true\" data-title-color=\"\" data-subtitle-color=\"\">\n\n\t\t\t\t\t\t\t<div class=\"inner-wrap animated\" data-animation=\"none\">\n\n\t\t\t\t\t\t\t\t\n\t\t\t\t\t\t\t\t\t<div class=\"work-item style-4\" data-custom-content=\"off\">\n\n\t\t\t\t\t\t\t\t\t\t<img loading=\"lazy\" decoding=\"async\" class=\"size- skip-lazy\" src=\"https:\/\/arcafilmfestival.com\/wp-content\/uploads\/2023\/10\/Los-Hijos-de-La-Montana-600x403.jpg\" alt=\"Los Hijos de La Monta\u00f1a\" height=\"403\" width=\"600\" srcset=\"https:\/\/arcafilmfestival.com\/wp-content\/uploads\/2023\/10\/Los-Hijos-de-La-Montana-900x604.jpg 900w, https:\/\/arcafilmfestival.com\/wp-content\/uploads\/2023\/10\/Los-Hijos-de-La-Montana-600x403.jpg 600w, https:\/\/arcafilmfestival.com\/wp-content\/uploads\/2023\/10\/Los-Hijos-de-La-Montana-400x269.jpg 400w\" sizes=\"auto, (min-width: 1000px) 25vw, (min-width: 690px) 50vw, 100vw\" \/>\n\t\t\t\t\t\t\t\t\t\t<div class=\"work-info\">\n\n\t\t\t\t\t\t\t\t\t\t\t\n\t\t\t\t\t\t\t\t\t\t\t\t\t<a href=\"https:\/\/arcafilmfestival.com\/en\/film\/los-hijos-de-la-montana\/\"><span class=\"screen-reader-text\">The Children of The Mountain<\/span><\/a>\n\n\t\t\t\t\t\t\t\t\t\t\t\t\n\t\t\t\t\t\t\t\t\t\t\t\t<div class=\"bottom-meta\">\n\t\t\t\t\t\t\t\t\t\t\t\t\t<h3>The Children of The Mountain <\/h3>\n\t\t\t\t\t\t\t\t\t\t\t\t\t<p>Mercedes Sader<\/p>\t\t\t\t\t\t\t\t\t\t\t\t<\/div><!--\/bottom-meta-->\n\n\t\t\t\t\t\t\t\t\t\t\t\n\t\t\t\t\t\t\t\t\t\t<\/div>\n\t\t\t\t\t\t\t\t\t<\/div><!--work-item-->\n\n\t\t\t\t\t\t\t\t\n\n\t\t\t\t\t\t\t<\/div><!--\/inner-wrap-->\n\t\t\t\t\t\t<\/div><!--\/col-->\n\n\t\t\t\t\t\n\t\t\t\t<\/div><!--\/portfolio-->\n\t\t\t<\/div><!--\/portfolio wrap-->\n\n\t\t\t<div id=\"fws_69f348ab8c32b\" data-midnight=\"\" data-column-margin=\"default\" class=\"wpb_row vc_row-fluid vc_row inner_row vc_row-o-content-middle\"  style=\"\"><div class=\"row-bg-wrap\"> <div class=\"row-bg\" ><\/div> <\/div><div class=\"row_col_wrap_12_inner col span_12  center\">\n\t<div  class=\"vc_col-sm-12 wpb_column column_container vc_column_container col child_column no-extra-padding inherit_tablet inherit_phone\"   data-padding-pos=\"all\" data-has-bg-color=\"false\" data-bg-color=\"\" data-bg-opacity=\"1\" data-animation=\"\" data-delay=\"0\" >\n\t\t<div class=\"vc_column-inner\" >\n\t\t<div class=\"wpb_wrapper\">\n\t\t\t<a class=\"nectar-button jumbo see-through accent-color\"  role=\"button\" style=\"\" target=\"_blank\" href=\"https:\/\/arcafilmfestival.com\/wp-content\/uploads\/2023\/10\/CATALAGO-ARCA-2023-WEB.pdf\" data-color-override=\"false\" data-hover-color-override=\"false\" data-hover-text-color-override=\"#fff\"><span>Download ARCA 2023\u2019s catalogue<\/span><\/a>\n\t\t<\/div> \n\t<\/div>\n\t<\/div> \n<\/div><\/div>\n\t\t\t<\/div> \n\t\t<\/div>\n\t<\/div> \n<\/div><\/div>","protected":false},"excerpt":{"rendered":"la Mon","protected":false},"author":1,"featured_media":0,"parent":0,"menu_order":0,"comment_status":"closed","ping_status":"closed","template":"","meta":{"footnotes":""},"class_list":["post-7695","page","type-page","status-publish"],"_links":{"self":[{"href":"https:\/\/arcafilmfestival.com\/en\/wp-json\/wp\/v2\/pages\/7695","targetHints":{"allow":["GET"]}}],"collection":[{"href":"https:\/\/arcafilmfestival.com\/en\/wp-json\/wp\/v2\/pages"}],"about":[{"href":"https:\/\/arcafilmfestival.com\/en\/wp-json\/wp\/v2\/types\/page"}],"author":[{"embeddable":true,"href":"https:\/\/arcafilmfestival.com\/en\/wp-json\/wp\/v2\/users\/1"}],"replies":[{"embeddable":true,"href":"https:\/\/arcafilmfestival.com\/en\/wp-json\/wp\/v2\/comments?post=7695"}],"version-history":[{"count":24,"href":"https:\/\/arcafilmfestival.com\/en\/wp-json\/wp\/v2\/pages\/7695\/revisions"}],"predecessor-version":[{"id":8116,"href":"https:\/\/arcafilmfestival.com\/en\/wp-json\/wp\/v2\/pages\/7695\/revisions\/8116"}],"wp:attachment":[{"href":"https:\/\/arcafilmfestival.com\/en\/wp-json\/wp\/v2\/media?parent=7695"}],"curies":[{"name":"wp","href":"https:\/\/api.w.org\/{rel}","templated":true}]}}