{"id":7565,"date":"2016-09-19T21:43:41","date_gmt":"2016-09-19T21:43:41","guid":{"rendered":"http:\/\/themenectar.com\/demo\/salient-business\/?page_id=9"},"modified":"2026-01-10T13:21:08","modified_gmt":"2026-01-10T16:21:08","slug":"sobre-arca","status":"publish","type":"page","link":"https:\/\/arcafilmfestival.com\/en\/sobre-arca\/","title":{"rendered":"Sobre ARCA"},"content":{"rendered":"<div id=\"culture\"  data-column-margin=\"default\" data-midnight=\"light\"  class=\"wpb_row vc_row-fluid vc_row full-width-content has-row-bg-color vc_row-o-equal-height vc_row-flex vc_row-o-content-top\"  style=\"padding-top: 0px; padding-bottom: 0px; --row-bg-color: #2b2b2b;\"><div class=\"row-bg-wrap\" data-bg-animation=\"none\" data-bg-animation-delay=\"\" data-bg-overlay=\"false\"><div class=\"inner-wrap row-bg-layer using-image\" ><div class=\"row-bg viewport-desktop using-image using-bg-color\"  style=\"background-image: url(https:\/\/arcafilmfestival.com\/wp-content\/uploads\/2023\/09\/header-1.jpg); background-position: left top; background-repeat: no-repeat; background-color: #2b2b2b; \"><\/div><\/div><\/div><div class=\"row_col_wrap_12 col span_12 light left\">\n\t<div  class=\"vc_col-sm-12 wpb_column column_container vc_column_container col no-extra-padding inherit_tablet inherit_phone flex_gap_desktop_10px\"  data-padding-pos=\"all\" data-has-bg-color=\"false\" data-bg-color=\"\" data-bg-opacity=\"1\" data-animation=\"\" data-delay=\"0\" >\n\t\t<div class=\"vc_column-inner\" >\n\t\t\t<div class=\"wpb_wrapper\">\n\t\t\t\t<div class=\"img-with-aniamtion-wrap  custom-size\" data-max-width=\"100%\" data-max-width-mobile=\"default\" data-shadow=\"none\" data-animation=\"none\" >\n      <div class=\"inner\">\n        <div class=\"hover-wrap\"> \n          <div class=\"hover-wrap-inner\">\n            <img loading=\"lazy\" decoding=\"async\" class=\"img-with-animation skip-lazy\" data-delay=\"0\" height=\"403\" width=\"600\" data-animation=\"none\" src=\"https:\/\/arcafilmfestival.com\/wp-content\/uploads\/2023\/10\/ARCA_LOGO-1-600x403.png\" alt=\"\" srcset=\"https:\/\/arcafilmfestival.com\/wp-content\/uploads\/2023\/10\/ARCA_LOGO-1-600x403.png 600w, https:\/\/arcafilmfestival.com\/wp-content\/uploads\/2023\/10\/ARCA_LOGO-1-900x604.png 900w, https:\/\/arcafilmfestival.com\/wp-content\/uploads\/2023\/10\/ARCA_LOGO-1-400x269.png 400w\" sizes=\"auto, (max-width: 600px) 100vw, 600px\" \/>\n          <\/div>\n        <\/div>\n        \n      <\/div>\n    <\/div>\n\t\t\t<\/div> \n\t\t<\/div>\n\t<\/div> \n<\/div><\/div>\n\t\t<div id=\"fws_69f35d1dcad81\"  data-column-margin=\"10px\" data-midnight=\"dark\" data-nectar-animated-gradient-settings=\"{&quot;color_1&quot;:&quot;#dbdbdb&quot;,&quot;color_2&quot;:&quot;#dbdbdb&quot;,&quot;speed&quot;:&quot;850&quot;,&quot;blending_mode&quot;:&quot;organic&quot;}\"  class=\"wpb_row vc_row-fluid vc_row full-width-content vc_row-o-equal-height vc_row-flex vc_row-o-content-top\"  style=\"padding-top: 0px; padding-bottom: 0px; \"><div class=\"row-bg-wrap has-animated-gradient\" data-bg-animation=\"none\" data-bg-animation-delay=\"\" data-bg-overlay=\"false\"><div class=\"inner-wrap row-bg-layer\" ><div class=\"row-bg viewport-desktop\"  style=\"\"><\/div><\/div><\/div><div class=\"row_col_wrap_12 col span_12 dark left\">\n\t<div  class=\"vc_col-sm-8 wpb_column column_container vc_column_container col padding-5-percent inherit_tablet inherit_phone flex_gap_desktop_10px\"  data-padding-pos=\"all\" data-has-bg-color=\"false\" data-bg-color=\"\" data-bg-opacity=\"1\" data-animation=\"\" data-delay=\"0\" >\n\t\t<div class=\"vc_column-inner\" >\n\t\t\t<div class=\"wpb_wrapper\">\n\t\t\t\t<div class=\"nectar-responsive-text font_size_desktop_18px nectar-link-underline-effect\"><p><span style=\"font-weight: 400\">ARCA is an international project dedicated to exploring and promoting the connections between cinema and the arts, targeting a broad audience. It is a festival that takes the form of a research project, exhibition, and educational programs focused on film and audiovisual content.<\/span><\/p>\n<p><span style=\"font-weight: 400\">Each year, the festival's selection reflects the quality and diversity of worldwide film production related to the arts.<\/span><\/p>\n<p><span style=\"font-weight: 400\">ARCA is a founder member of the <\/span><a href=\"https:\/\/www.filmsonartnetwork.com\/es\"><span style=\"font-weight: 400\">Films on Art Network<\/span><\/a><span style=\"font-weight: 400\">, an international network for professionals <\/span><span style=\"font-weight: 400\">organizing film festivals focused on the arts. It is composed of 12 founding members from different countries in North America, South America, Asia, and Europe, whose mission is to foster the exchange of knowledge and resources in service of the arts.&nbsp;<\/span><\/p>\n<p><a href=\"https:\/\/www.filmsonartnetwork.com\/es\/general-clean\"><span class=\"misspelling correction\" title=\"Se ha encontrado un posible error ortogr\u00e1fico.\" data-type=\"misspelling\" data-suggestions=\"&#091;{&quot;value&quot;:&quot;C\u00f3digo&quot;},{&quot;value&quot;:&quot;C\u00f3digos&quot;},{&quot;value&quot;:&quot;Cobijo&quot;},{&quot;value&quot;:&quot;Cobij\u00f3&quot;},{&quot;value&quot;:&quot;Colig\u00f3&quot;},{&quot;value&quot;:&quot;Bodigo&quot;},{&quot;value&quot;:&quot;Coligo&quot;}&#093;\" data-rule=\"MORFOLOGIK_RULE_ES\" data-word=\"codigo\">code<\/span> of conduct<\/a><\/p>\n<p><span style=\"font-weight: 400\">The festival takes place at the Pablo Atchugarry Foundation and at the MACA Museum in Manantiales. The venue includes the MACA Theater, with a capacity of 150 people, and the museum\u2019s cinema screening room, with a capacity of 90 people.<\/span><\/p>\n<p>For more information, our email is <a href=\"mailto:info.arcaiff@gmail.com\">info.arcaiff@gmail.com<\/a><\/p>\n<\/div>\n\t<div class=\"wpb_gallery wpb_content_element clearfix\">\n\t\t<div class=\"wpb_wrapper\"><div class=\"wpb_gallery_slides wpb_flexslider flex-gallery flexslider\" data-onclick=\"link_no\" data-interval=\"5\" data-flex_fx=\"fade\"><ul class=\"slides\" data-d-autorotate=\"\"><li><img loading=\"lazy\" decoding=\"async\" width=\"1800\" height=\"1201\" src=\"https:\/\/arcafilmfestival.com\/wp-content\/uploads\/2023\/09\/somos-arca.jpg\" class=\"skip-lazy attachment-full\" alt=\"Ciclo de entrevistas en el MACA\" title=\"somos-arca\" srcset=\"https:\/\/arcafilmfestival.com\/wp-content\/uploads\/2023\/09\/somos-arca.jpg 1800w, https:\/\/arcafilmfestival.com\/wp-content\/uploads\/2023\/09\/somos-arca-300x200.jpg 300w, https:\/\/arcafilmfestival.com\/wp-content\/uploads\/2023\/09\/somos-arca-1024x683.jpg 1024w, https:\/\/arcafilmfestival.com\/wp-content\/uploads\/2023\/09\/somos-arca-768x512.jpg 768w, https:\/\/arcafilmfestival.com\/wp-content\/uploads\/2023\/09\/somos-arca-1536x1025.jpg 1536w, https:\/\/arcafilmfestival.com\/wp-content\/uploads\/2023\/09\/somos-arca-900x600.jpg 900w\" sizes=\"auto, (max-width: 1800px) 100vw, 1800px\" \/><\/li><li><img loading=\"lazy\" decoding=\"async\" width=\"1800\" height=\"1201\" src=\"https:\/\/arcafilmfestival.com\/wp-content\/uploads\/2023\/09\/donde-sucede-5.jpg\" class=\"skip-lazy attachment-full\" alt=\"Entrevista en el MACA\" title=\"donde-sucede-5\" srcset=\"https:\/\/arcafilmfestival.com\/wp-content\/uploads\/2023\/09\/donde-sucede-5.jpg 1800w, https:\/\/arcafilmfestival.com\/wp-content\/uploads\/2023\/09\/donde-sucede-5-300x200.jpg 300w, https:\/\/arcafilmfestival.com\/wp-content\/uploads\/2023\/09\/donde-sucede-5-1024x683.jpg 1024w, https:\/\/arcafilmfestival.com\/wp-content\/uploads\/2023\/09\/donde-sucede-5-768x512.jpg 768w, https:\/\/arcafilmfestival.com\/wp-content\/uploads\/2023\/09\/donde-sucede-5-1536x1025.jpg 1536w, https:\/\/arcafilmfestival.com\/wp-content\/uploads\/2023\/09\/donde-sucede-5-900x600.jpg 900w\" sizes=\"auto, (max-width: 1800px) 100vw, 1800px\" \/><\/li><li><img loading=\"lazy\" decoding=\"async\" width=\"1800\" height=\"1201\" src=\"https:\/\/arcafilmfestival.com\/wp-content\/uploads\/2023\/09\/donde-sucede-3.jpg\" class=\"skip-lazy attachment-full\" alt=\"Interior del Museo MACA\" title=\"donde-sucede-3\" srcset=\"https:\/\/arcafilmfestival.com\/wp-content\/uploads\/2023\/09\/donde-sucede-3.jpg 1800w, https:\/\/arcafilmfestival.com\/wp-content\/uploads\/2023\/09\/donde-sucede-3-300x200.jpg 300w, https:\/\/arcafilmfestival.com\/wp-content\/uploads\/2023\/09\/donde-sucede-3-1024x683.jpg 1024w, https:\/\/arcafilmfestival.com\/wp-content\/uploads\/2023\/09\/donde-sucede-3-768x512.jpg 768w, https:\/\/arcafilmfestival.com\/wp-content\/uploads\/2023\/09\/donde-sucede-3-1536x1025.jpg 1536w, https:\/\/arcafilmfestival.com\/wp-content\/uploads\/2023\/09\/donde-sucede-3-900x600.jpg 900w\" sizes=\"auto, (max-width: 1800px) 100vw, 1800px\" \/><\/li><li><img loading=\"lazy\" decoding=\"async\" width=\"1800\" height=\"1201\" src=\"https:\/\/arcafilmfestival.com\/wp-content\/uploads\/2023\/09\/donde-sucede-1-1.jpg\" class=\"skip-lazy attachment-full\" alt=\"Arquitectura del MACA\" title=\"donde-sucede-1\" srcset=\"https:\/\/arcafilmfestival.com\/wp-content\/uploads\/2023\/09\/donde-sucede-1-1.jpg 1800w, https:\/\/arcafilmfestival.com\/wp-content\/uploads\/2023\/09\/donde-sucede-1-1-300x200.jpg 300w, https:\/\/arcafilmfestival.com\/wp-content\/uploads\/2023\/09\/donde-sucede-1-1-1024x683.jpg 1024w, https:\/\/arcafilmfestival.com\/wp-content\/uploads\/2023\/09\/donde-sucede-1-1-768x512.jpg 768w, https:\/\/arcafilmfestival.com\/wp-content\/uploads\/2023\/09\/donde-sucede-1-1-1536x1025.jpg 1536w, https:\/\/arcafilmfestival.com\/wp-content\/uploads\/2023\/09\/donde-sucede-1-1-900x600.jpg 900w\" sizes=\"auto, (max-width: 1800px) 100vw, 1800px\" \/><\/li><li><img loading=\"lazy\" decoding=\"async\" width=\"1800\" height=\"1201\" src=\"https:\/\/arcafilmfestival.com\/wp-content\/uploads\/2023\/09\/donde-sucede-4.jpg\" class=\"skip-lazy attachment-full\" alt=\"MACA al d\u00eda\" title=\"donde-sucede-4\" srcset=\"https:\/\/arcafilmfestival.com\/wp-content\/uploads\/2023\/09\/donde-sucede-4.jpg 1800w, https:\/\/arcafilmfestival.com\/wp-content\/uploads\/2023\/09\/donde-sucede-4-300x200.jpg 300w, https:\/\/arcafilmfestival.com\/wp-content\/uploads\/2023\/09\/donde-sucede-4-1024x683.jpg 1024w, https:\/\/arcafilmfestival.com\/wp-content\/uploads\/2023\/09\/donde-sucede-4-768x512.jpg 768w, https:\/\/arcafilmfestival.com\/wp-content\/uploads\/2023\/09\/donde-sucede-4-1536x1025.jpg 1536w, https:\/\/arcafilmfestival.com\/wp-content\/uploads\/2023\/09\/donde-sucede-4-900x600.jpg 900w\" sizes=\"auto, (max-width: 1800px) 100vw, 1800px\" \/><\/li><li><img loading=\"lazy\" decoding=\"async\" width=\"1800\" height=\"1201\" src=\"https:\/\/arcafilmfestival.com\/wp-content\/uploads\/2023\/09\/donde-sucede-2.jpg\" class=\"skip-lazy attachment-full\" alt=\"MACA a la noche\" title=\"donde-sucede-2\" srcset=\"https:\/\/arcafilmfestival.com\/wp-content\/uploads\/2023\/09\/donde-sucede-2.jpg 1800w, https:\/\/arcafilmfestival.com\/wp-content\/uploads\/2023\/09\/donde-sucede-2-300x200.jpg 300w, https:\/\/arcafilmfestival.com\/wp-content\/uploads\/2023\/09\/donde-sucede-2-1024x683.jpg 1024w, https:\/\/arcafilmfestival.com\/wp-content\/uploads\/2023\/09\/donde-sucede-2-768x512.jpg 768w, https:\/\/arcafilmfestival.com\/wp-content\/uploads\/2023\/09\/donde-sucede-2-1536x1025.jpg 1536w, https:\/\/arcafilmfestival.com\/wp-content\/uploads\/2023\/09\/donde-sucede-2-900x600.jpg 900w\" sizes=\"auto, (max-width: 1800px) 100vw, 1800px\" \/><\/li><li><img loading=\"lazy\" decoding=\"async\" width=\"1700\" height=\"1135\" src=\"https:\/\/arcafilmfestival.com\/wp-content\/uploads\/2023\/10\/El_publico_disfrutando_la_pelicula_en_el_Anfiteatro.jpg.jpg\" class=\"skip-lazy attachment-full\" alt=\"\" title=\"El_p\u00fablico_disfrutando_la_pel\u00edcula_en_el_Anfiteatro.jpg\" srcset=\"https:\/\/arcafilmfestival.com\/wp-content\/uploads\/2023\/10\/El_publico_disfrutando_la_pelicula_en_el_Anfiteatro.jpg.jpg 1700w, https:\/\/arcafilmfestival.com\/wp-content\/uploads\/2023\/10\/El_publico_disfrutando_la_pelicula_en_el_Anfiteatro.jpg-300x200.jpg 300w, https:\/\/arcafilmfestival.com\/wp-content\/uploads\/2023\/10\/El_publico_disfrutando_la_pelicula_en_el_Anfiteatro.jpg-1024x684.jpg 1024w, https:\/\/arcafilmfestival.com\/wp-content\/uploads\/2023\/10\/El_publico_disfrutando_la_pelicula_en_el_Anfiteatro.jpg-768x513.jpg 768w, https:\/\/arcafilmfestival.com\/wp-content\/uploads\/2023\/10\/El_publico_disfrutando_la_pelicula_en_el_Anfiteatro.jpg-1536x1026.jpg 1536w, https:\/\/arcafilmfestival.com\/wp-content\/uploads\/2023\/10\/El_publico_disfrutando_la_pelicula_en_el_Anfiteatro.jpg-900x600.jpg 900w\" sizes=\"auto, (max-width: 1700px) 100vw, 1700px\" \/><\/li><li><img loading=\"lazy\" decoding=\"async\" width=\"1700\" height=\"1135\" src=\"https:\/\/arcafilmfestival.com\/wp-content\/uploads\/2023\/10\/Anfiteatro_del_Parque_de_Esculturas_con_la_pantalla_gigante_ARCA.jpg.jpg\" class=\"skip-lazy attachment-full\" alt=\"\" title=\"Anfiteatro_del_Parque_de_Esculturas_con_la_pantalla_gigante_ARCA.jpg\" srcset=\"https:\/\/arcafilmfestival.com\/wp-content\/uploads\/2023\/10\/Anfiteatro_del_Parque_de_Esculturas_con_la_pantalla_gigante_ARCA.jpg.jpg 1700w, https:\/\/arcafilmfestival.com\/wp-content\/uploads\/2023\/10\/Anfiteatro_del_Parque_de_Esculturas_con_la_pantalla_gigante_ARCA.jpg-300x200.jpg 300w, https:\/\/arcafilmfestival.com\/wp-content\/uploads\/2023\/10\/Anfiteatro_del_Parque_de_Esculturas_con_la_pantalla_gigante_ARCA.jpg-1024x684.jpg 1024w, https:\/\/arcafilmfestival.com\/wp-content\/uploads\/2023\/10\/Anfiteatro_del_Parque_de_Esculturas_con_la_pantalla_gigante_ARCA.jpg-768x513.jpg 768w, https:\/\/arcafilmfestival.com\/wp-content\/uploads\/2023\/10\/Anfiteatro_del_Parque_de_Esculturas_con_la_pantalla_gigante_ARCA.jpg-1536x1026.jpg 1536w, https:\/\/arcafilmfestival.com\/wp-content\/uploads\/2023\/10\/Anfiteatro_del_Parque_de_Esculturas_con_la_pantalla_gigante_ARCA.jpg-900x600.jpg 900w\" sizes=\"auto, (max-width: 1700px) 100vw, 1700px\" \/><\/li><\/ul><\/div>\n\t\t<\/div> \n\t<\/div> \n\t\t\t<\/div> \n\t\t<\/div>\n\t<\/div> \n\n\t<div  class=\"vc_col-sm-4 wpb_column column_container vc_column_container col padding-5-percent inherit_tablet inherit_phone flex_gap_desktop_10px\"  data-padding-pos=\"all\" data-has-bg-color=\"false\" data-bg-color=\"\" data-bg-opacity=\"1\" data-animation=\"\" data-delay=\"0\" >\n\t\t<div class=\"vc_column-inner\" >\n\t\t\t<div class=\"wpb_wrapper\">\n\t\t\t\t<div class=\"nectar-responsive-text font_size_desktop_18px nectar-link-underline-effect\"><p><strong>Hosts<\/strong><br \/>\nPablo Atchugarry<br \/>\nSilvana Neme<\/p>\n<p><strong>Founders<\/strong><br \/>\nMercedes Sader<br \/>\nSebastia\u0301n Bednarik<br \/>\nAndre\u0301s Varela<\/p>\n<p><strong>Directora arti\u0301stica<\/strong><br \/>\nMercedes Sader<\/p>\n<p><strong>Executive Director<\/strong><br \/>\nSebastia\u0301n Bednarik<\/p>\n<p><strong>Asesor en Programacio\u0301n<\/strong><br \/>\nSergio Fant<\/p>\n<\/div>\n\t\t\t<\/div> \n\t\t<\/div>\n\t<\/div> \n<\/div><\/div>\n\t\t<div id=\"fws_69f35d1dd04d4\"  data-column-margin=\"default\" data-midnight=\"dark\"  class=\"wpb_row vc_row-fluid vc_row full-width-content vc_row-o-equal-height vc_row-flex vc_row-o-content-top\"  style=\"padding-top: 0px; padding-bottom: 0px; \"><div class=\"row-bg-wrap\" data-bg-animation=\"none\" data-bg-animation-delay=\"\" data-bg-overlay=\"false\"><div class=\"inner-wrap row-bg-layer\" ><div class=\"row-bg viewport-desktop\"  style=\"\"><\/div><\/div><\/div><div class=\"row_col_wrap_12 col span_12 dark left\">\n\t<div  class=\"vc_col-sm-12 wpb_column column_container vc_column_container col no-extra-padding inherit_tablet inherit_phone flex_gap_desktop_10px\"  data-padding-pos=\"all\" data-has-bg-color=\"false\" data-bg-color=\"\" data-bg-opacity=\"1\" data-animation=\"\" data-delay=\"0\" >\n\t\t<div class=\"vc_column-inner\" >\n\t\t\t<div class=\"wpb_wrapper\">\n\t\t\t\t<div id=\"map_69f35d1dd098d\" style=\"height: 400px;\" class=\"nectar-leaflet-map\" data-infowindow-start-open=\"\" data-dark-color-scheme=\"\" data-marker-style=\"default\" data-nectar-marker-color=\"accent-color\" data-ultra-flat=\"\" data-greyscale=\"\" data-extra-color=\"\" data-enable-animation=\"false\" data-enable-zoom=\"\" data-zoom-level=\"16\" data-center-lat=\"-34.86588858108277\" data-center-lng=\"-54.82071914849069\" data-marker-img=\"\"><\/div><div class=\"map_69f35d1dd098d map-marker-list\"><div class=\"map-marker\" data-marker-image-width=\"50\" data-marker-image-height=\"50\" data-lat=\"\" data-lng=\"\" data-mapinfo=\"\"><\/div><\/div>\n\t\t\t<\/div> \n\t\t<\/div>\n\t<\/div> \n<\/div><\/div>","protected":false},"excerpt":{"rendered":"ARCA es un proyecto internacional dedicado a explorar y promocionar las relaciones entre cine y arte dirigido a un p\u00fablico amplio. Un festival que toma la forma de proyecto de investigaci\u00f3n, exhibici\u00f3n y programas de educaci\u00f3n del cine y el audiovisual. Cada a\u00f1o, la selecci\u00f3n del festival refleja la calidad y diversidad de la producci\u00f3n mundial de pel\u00edculas sobre arte....","protected":false},"author":1,"featured_media":0,"parent":0,"menu_order":0,"comment_status":"closed","ping_status":"closed","template":"","meta":{"footnotes":""},"class_list":["post-7565","page","type-page","status-publish"],"_links":{"self":[{"href":"https:\/\/arcafilmfestival.com\/en\/wp-json\/wp\/v2\/pages\/7565","targetHints":{"allow":["GET"]}}],"collection":[{"href":"https:\/\/arcafilmfestival.com\/en\/wp-json\/wp\/v2\/pages"}],"about":[{"href":"https:\/\/arcafilmfestival.com\/en\/wp-json\/wp\/v2\/types\/page"}],"author":[{"embeddable":true,"href":"https:\/\/arcafilmfestival.com\/en\/wp-json\/wp\/v2\/users\/1"}],"replies":[{"embeddable":true,"href":"https:\/\/arcafilmfestival.com\/en\/wp-json\/wp\/v2\/comments?post=7565"}],"version-history":[{"count":44,"href":"https:\/\/arcafilmfestival.com\/en\/wp-json\/wp\/v2\/pages\/7565\/revisions"}],"predecessor-version":[{"id":8863,"href":"https:\/\/arcafilmfestival.com\/en\/wp-json\/wp\/v2\/pages\/7565\/revisions\/8863"}],"wp:attachment":[{"href":"https:\/\/arcafilmfestival.com\/en\/wp-json\/wp\/v2\/media?parent=7565"}],"curies":[{"name":"wp","href":"https:\/\/api.w.org\/{rel}","templated":true}]}}